{"id":25268,"date":"2019-11-21T11:10:04","date_gmt":"2019-11-21T09:10:04","guid":{"rendered":"http:\/\/bugaderiaemporda.efimatica.com\/avis-legal\/"},"modified":"2024-06-03T12:05:01","modified_gmt":"2024-06-03T10:05:01","slug":"aviso-legal","status":"publish","type":"page","link":"https:\/\/bugaderiaemporda.com\/es\/aviso-legal\/","title":{"rendered":"Aviso legal"},"content":{"rendered":"<p>[vc_row full_width=\u00bbstretch_row_content_no_spaces\u00bb css=\u00bb.vc_custom_1574071008328{margin-bottom: 0px !important;background-color: #d7d7d7 !important;}\u00bb][vc_column]<h1 class=\"boc_heading  center  \"  style=\"margin-bottom: 50px;margin-top: 50px;color: #00adef;font-size: 50px;\"><span>AVISO LEGAL<\/span><\/h1>[\/vc_column][\/vc_row][vc_row css=\u00bb.vc_custom_1574326821590{padding-top: 80px !important;padding-bottom: 80px !important;}\u00bb][vc_column][vc_column_text]El sitio web y el dominio\u00a0<em>bugaderiaemporda.com\u00a0<\/em>corresponden a Bugaderia l\u2019Empord\u00e0 S.A., con CIF A17165432 y domicilio en la Avinguda Punt\u00fc\u00ed, 13, pol\u00edgono El Rissech, de Cor\u00e7\u00e0 (CP 17121), tel. 972 64 31 48, direcci\u00f3n electr\u00f3nica\u00a0<em>atencion.cliente@bugaderiaemporda.com <\/em>\u00a0e inscrita en el Registro Mercantil de Girona, volumen 447.<\/p>\n<p><strong>PROPIEDAD INTELECTUAL E INDUSTRIAL<\/strong><\/p>\n<p>Los derechos sobre los contenidos de este sitio, incluyendo los textos, im\u00e1genes, dise\u00f1os gr\u00e1ficos, marcas y otros signos distintivos (de ahora en adelante los contenidos) pertenecen a Bugaderia l\u2019Empord\u00e0 o a terceros que han autorizado su uso. Bugaderia l\u2019Empord\u00e0 presenta estos contenidos para informar de sus servicios y actividades. Bugaderia l\u2019Empord\u00e0 autoriza la utilizaci\u00f3n de los contenidos para usos no comerciales siempre que se indique claramente la fuente. Si los contenidos se utilizan en entornos web deber\u00e1 incluirse un enlace a\u00a0<u><a href=\"http:\/\/www.bugaderiaemporda.com\/\">la p\u00e1gina de inicio del sitio web<\/a><\/u>. Bugaderia l\u2019Empord\u00e0 se reserva el derecho a iniciar las acciones legales oportunas en defensa de sus derechos de propiedad intelectual o industrial.<\/p>\n<p>No se autorizan presentaciones de los contenidos de este sitio en una ventana ajena a\u00a0<a href=\"http:\/\/www.bugaderiaemporda.com\/\">http:\/\/www.bugaderiaemporda.com\/<\/a>\u00a0(framing).<\/p>\n<p><strong>RESPONSABILIDAD SOBRE LOS CONTENIDOS<\/strong><\/p>\n<p>Aunque Bugaderia l\u2019Empord\u00e0 act\u00faa con la m\u00e1xima diligencia posible, se puede dar el caso de que alg\u00fan dato o informaci\u00f3n no est\u00e9 del todo actualizado en el momento que el usuario del sitio web lo consulte. Por eso, Bugaderia l\u2019Empord\u00e0 manifiesta que las referencias de los servicios que se presentan en su sitio web tienen una funci\u00f3n orientativa y no obligan a Bugaderia l\u2019Empord\u00e0 hasta la contrataci\u00f3n expresa de un pedido.<\/p>\n<p>Bugaderia l\u2019Empord\u00e0 se reserva el derecho a modificar unilateralmente, en cualquier momento y sin previo aviso, la presentaci\u00f3n, configuraci\u00f3n y contenidos de la web.<\/p>\n<p>Bugaderia l\u2019Empord\u00e0 no ser\u00e1 responsable de la informaci\u00f3n que se pueda obtener a trav\u00e9s de enlaces incluidos en el sitio.<\/p>\n<p><strong>CONDICIONES DE USO<\/strong><\/p>\n<p>El uso de esta web implica la aceptaci\u00f3n plena de los t\u00e9rminos y condiciones del presente aviso legal. Los posibles conflictos relativos a esta web se regir\u00e1n exclusivamente por el derecho del Estado espa\u00f1ol. Toda persona usuaria de la web, independientemente de la jurisdicci\u00f3n territorial desde la cual se produzca su acceso, acepta el cumplimiento y respeto de estas cl\u00e1usulas con renuncia expresa a cualquier otro fuero que le pueda corresponder.[\/vc_column_text][\/vc_column][\/vc_row]<\/p>\n","protected":false},"excerpt":{"rendered":"<p>[vc_row full_width=\u00bbstretch_row_content_no_spaces\u00bb css=\u00bb.vc_custom_1574071008328{margin-bottom: 0px !important;background-color: #d7d7d7 !important;}\u00bb][vc_column][\/vc_column][\/vc_row][vc_row css=\u00bb.vc_custom_1574326821590{padding-top: 80px !important;padding-bottom: 80px !important;}\u00bb][vc_column][vc_column_text]El sitio web y el dominio\u00a0bugaderiaemporda.com\u00a0corresponden a Bugaderia l\u2019Empord\u00e0 S.A., con CIF A17165432 y domicilio en la Avinguda Punt\u00fc\u00ed, 13, pol\u00edgono El Rissech, de Cor\u00e7\u00e0 (CP 17121), tel. 972 64 31 48, direcci\u00f3n electr\u00f3nica\u00a0atencion.cliente@bugaderiaemporda.com \u00a0e inscrita en el Registro Mercantil de Girona, volumen 447. PROPIEDAD INTELECTUAL E INDUSTRIAL Los<\/p>\n<div class=\"h10\"><\/div>\n<p><a class=\"more-link2 flat\" href=\"https:\/\/bugaderiaemporda.com\/es\/aviso-legal\/\">Read more<\/a><\/p>\n","protected":false},"author":1,"featured_media":0,"parent":0,"menu_order":41,"comment_status":"open","ping_status":"closed","template":"","meta":{"footnotes":""},"class_list":["post-25268","page","type-page","status-publish","hentry"],"yoast_head":"<!-- This site is optimized with the Yoast SEO plugin v23.3 - https:\/\/yoast.com\/wordpress\/plugins\/seo\/ -->\n<title>Aviso legal - Bugaderia Empord\u00e0<\/title>\n<meta name=\"robots\" content=\"index, follow, max-snippet:-1, max-image-preview:large, max-video-preview:-1\" \/>\n<link rel=\"canonical\" href=\"https:\/\/bugaderiaemporda.com\/avis-legal\/\" \/>\n<meta property=\"og:locale\" content=\"es_ES\" \/>\n<meta property=\"og:type\" content=\"article\" \/>\n<meta property=\"og:title\" content=\"Aviso legal - Bugaderia Empord\u00e0\" \/>\n<meta property=\"og:description\" content=\"[vc_row full_width=\u00bbstretch_row_content_no_spaces\u00bb css=\u00bb.vc_custom_1574071008328{margin-bottom: 0px !important;background-color: #d7d7d7 !important;}\u00bb][vc_column][\/vc_column][\/vc_row][vc_row css=\u00bb.vc_custom_1574326821590{padding-top: 80px !important;padding-bottom: 80px !important;}\u00bb][vc_column][vc_column_text]El sitio web y el dominio\u00a0bugaderiaemporda.com\u00a0corresponden a Bugaderia l\u2019Empord\u00e0 S.A., con CIF A17165432 y domicilio en la Avinguda Punt\u00fc\u00ed, 13, pol\u00edgono El Rissech, de Cor\u00e7\u00e0 (CP 17121), tel. 972 64 31 48, direcci\u00f3n electr\u00f3nica\u00a0atencion.cliente@bugaderiaemporda.com \u00a0e inscrita en el Registro Mercantil de Girona, volumen 447. PROPIEDAD INTELECTUAL E INDUSTRIAL LosRead more\" \/>\n<meta property=\"og:url\" content=\"https:\/\/bugaderiaemporda.com\/avis-legal\/\" \/>\n<meta property=\"og:site_name\" content=\"Bugaderia Empord\u00e0\" \/>\n<meta property=\"article:modified_time\" content=\"2024-06-03T10:05:01+00:00\" \/>\n<meta property=\"og:image\" content=\"https:\/\/bugaderiaemporda.com\/wp-content\/uploads\/2019\/11\/bugaderia-logo-home-01.png\" \/>\n\t<meta property=\"og:image:width\" content=\"338\" \/>\n\t<meta property=\"og:image:height\" content=\"72\" \/>\n\t<meta property=\"og:image:type\" content=\"image\/png\" \/>\n<meta name=\"twitter:card\" content=\"summary_large_image\" \/>\n<meta name=\"twitter:label1\" content=\"Tiempo de lectura\" \/>\n\t<meta name=\"twitter:data1\" content=\"2 minutos\" \/>\n<script type=\"application\/ld+json\" class=\"yoast-schema-graph\">{\"@context\":\"https:\/\/schema.org\",\"@graph\":[{\"@type\":\"WebPage\",\"@id\":\"https:\/\/bugaderiaemporda.com\/avis-legal\/\",\"url\":\"https:\/\/bugaderiaemporda.com\/avis-legal\/\",\"name\":\"Aviso legal - Bugaderia Empord\u00e0\",\"isPartOf\":{\"@id\":\"https:\/\/bugaderiaemporda.com\/#website\"},\"datePublished\":\"2019-11-21T09:10:04+00:00\",\"dateModified\":\"2024-06-03T10:05:01+00:00\",\"breadcrumb\":{\"@id\":\"https:\/\/bugaderiaemporda.com\/avis-legal\/#breadcrumb\"},\"inLanguage\":\"es\",\"potentialAction\":[{\"@type\":\"ReadAction\",\"target\":[\"https:\/\/bugaderiaemporda.com\/avis-legal\/\"]}]},{\"@type\":\"BreadcrumbList\",\"@id\":\"https:\/\/bugaderiaemporda.com\/avis-legal\/#breadcrumb\",\"itemListElement\":[{\"@type\":\"ListItem\",\"position\":1,\"name\":\"Inici\",\"item\":\"https:\/\/bugaderiaemporda.com\/es\/\"},{\"@type\":\"ListItem\",\"position\":2,\"name\":\"Aviso legal\"}]},{\"@type\":\"WebSite\",\"@id\":\"https:\/\/bugaderiaemporda.com\/#website\",\"url\":\"https:\/\/bugaderiaemporda.com\/\",\"name\":\"Bugaderia Empord\u00e0\",\"description\":\"Alta qualitat en renting t\u00e8xtil\",\"potentialAction\":[{\"@type\":\"SearchAction\",\"target\":{\"@type\":\"EntryPoint\",\"urlTemplate\":\"https:\/\/bugaderiaemporda.com\/?s={search_term_string}\"},\"query-input\":\"required name=search_term_string\"}],\"inLanguage\":\"es\"}]}<\/script>\n<!-- \/ Yoast SEO plugin. -->","yoast_head_json":{"title":"Aviso legal - Bugaderia Empord\u00e0","robots":{"index":"index","follow":"follow","max-snippet":"max-snippet:-1","max-image-preview":"max-image-preview:large","max-video-preview":"max-video-preview:-1"},"canonical":"https:\/\/bugaderiaemporda.com\/avis-legal\/","og_locale":"es_ES","og_type":"article","og_title":"Aviso legal - Bugaderia Empord\u00e0","og_description":"[vc_row full_width=\u00bbstretch_row_content_no_spaces\u00bb css=\u00bb.vc_custom_1574071008328{margin-bottom: 0px !important;background-color: #d7d7d7 !important;}\u00bb][vc_column][\/vc_column][\/vc_row][vc_row css=\u00bb.vc_custom_1574326821590{padding-top: 80px !important;padding-bottom: 80px !important;}\u00bb][vc_column][vc_column_text]El sitio web y el dominio\u00a0bugaderiaemporda.com\u00a0corresponden a Bugaderia l\u2019Empord\u00e0 S.A., con CIF A17165432 y domicilio en la Avinguda Punt\u00fc\u00ed, 13, pol\u00edgono El Rissech, de Cor\u00e7\u00e0 (CP 17121), tel. 972 64 31 48, direcci\u00f3n electr\u00f3nica\u00a0atencion.cliente@bugaderiaemporda.com \u00a0e inscrita en el Registro Mercantil de Girona, volumen 447. PROPIEDAD INTELECTUAL E INDUSTRIAL LosRead more","og_url":"https:\/\/bugaderiaemporda.com\/avis-legal\/","og_site_name":"Bugaderia Empord\u00e0","article_modified_time":"2024-06-03T10:05:01+00:00","og_image":[{"width":338,"height":72,"url":"https:\/\/bugaderiaemporda.com\/wp-content\/uploads\/2019\/11\/bugaderia-logo-home-01.png","type":"image\/png"}],"twitter_card":"summary_large_image","twitter_misc":{"Tiempo de lectura":"2 minutos"},"schema":{"@context":"https:\/\/schema.org","@graph":[{"@type":"WebPage","@id":"https:\/\/bugaderiaemporda.com\/avis-legal\/","url":"https:\/\/bugaderiaemporda.com\/avis-legal\/","name":"Aviso legal - Bugaderia Empord\u00e0","isPartOf":{"@id":"https:\/\/bugaderiaemporda.com\/#website"},"datePublished":"2019-11-21T09:10:04+00:00","dateModified":"2024-06-03T10:05:01+00:00","breadcrumb":{"@id":"https:\/\/bugaderiaemporda.com\/avis-legal\/#breadcrumb"},"inLanguage":"es","potentialAction":[{"@type":"ReadAction","target":["https:\/\/bugaderiaemporda.com\/avis-legal\/"]}]},{"@type":"BreadcrumbList","@id":"https:\/\/bugaderiaemporda.com\/avis-legal\/#breadcrumb","itemListElement":[{"@type":"ListItem","position":1,"name":"Inici","item":"https:\/\/bugaderiaemporda.com\/es\/"},{"@type":"ListItem","position":2,"name":"Aviso legal"}]},{"@type":"WebSite","@id":"https:\/\/bugaderiaemporda.com\/#website","url":"https:\/\/bugaderiaemporda.com\/","name":"Bugaderia Empord\u00e0","description":"Alta qualitat en renting t\u00e8xtil","potentialAction":[{"@type":"SearchAction","target":{"@type":"EntryPoint","urlTemplate":"https:\/\/bugaderiaemporda.com\/?s={search_term_string}"},"query-input":"required name=search_term_string"}],"inLanguage":"es"}]}},"_links":{"self":[{"href":"https:\/\/bugaderiaemporda.com\/es\/wp-json\/wp\/v2\/pages\/25268"}],"collection":[{"href":"https:\/\/bugaderiaemporda.com\/es\/wp-json\/wp\/v2\/pages"}],"about":[{"href":"https:\/\/bugaderiaemporda.com\/es\/wp-json\/wp\/v2\/types\/page"}],"author":[{"embeddable":true,"href":"https:\/\/bugaderiaemporda.com\/es\/wp-json\/wp\/v2\/users\/1"}],"replies":[{"embeddable":true,"href":"https:\/\/bugaderiaemporda.com\/es\/wp-json\/wp\/v2\/comments?post=25268"}],"version-history":[{"count":2,"href":"https:\/\/bugaderiaemporda.com\/es\/wp-json\/wp\/v2\/pages\/25268\/revisions"}],"predecessor-version":[{"id":25454,"href":"https:\/\/bugaderiaemporda.com\/es\/wp-json\/wp\/v2\/pages\/25268\/revisions\/25454"}],"wp:attachment":[{"href":"https:\/\/bugaderiaemporda.com\/es\/wp-json\/wp\/v2\/media?parent=25268"}],"curies":[{"name":"wp","href":"https:\/\/api.w.org\/{rel}","templated":true}]}}