{"id":25141,"date":"2019-11-18T14:17:44","date_gmt":"2019-11-18T12:17:44","guid":{"rendered":"http:\/\/bugaderiaemporda.efimatica.com\/rentat\/"},"modified":"2020-01-09T17:05:39","modified_gmt":"2020-01-09T15:05:39","slug":"lavado","status":"publish","type":"page","link":"https:\/\/bugaderiaemporda.com\/es\/lavado\/","title":{"rendered":"Lavado"},"content":{"rendered":"<p>[vc_row full_width=\u00bbstretch_row_content_no_spaces\u00bb css=\u00bb.vc_custom_1574844138680{margin-bottom: 0px !important;background-color: #fbfbfb !important;}\u00bb][vc_column]<h1 class=\"boc_heading  center  \"  style=\"margin-bottom: 50px;margin-top: 50px;color: #00adef;font-size: 50px;\"><span>EL BLANCO DE LA EXCELENCIA<\/span><\/h1>[\/vc_column][\/vc_row][vc_row full_width=\u00bbstretch_row_content_no_spaces\u00bb css=\u00bb.vc_custom_1574154685961{margin-top: 0px !important;margin-bottom: 0px !important;padding-top: 0px !important;padding-bottom: 0px !important;}\u00bb][vc_column]\n<div id=\"rev_slider_8_1_wrapper\" class=\"rev_slider_wrapper fullwidthbanner-container\" data-source=\"gallery\" style=\"margin:0px auto;background:transparent;padding:0px;margin-top:0px;margin-bottom:0px;\">\n<!-- START REVOLUTION SLIDER 5.4.8.1 auto mode -->\n\t<div id=\"rev_slider_8_1\" class=\"rev_slider fullwidthabanner\" style=\"display:none;\" data-version=\"5.4.8.1\">\n<ul>\t<!-- SLIDE  -->\n\t<li data-index=\"rs-32\" data-transition=\"fade\" data-slotamount=\"default\" data-hideafterloop=\"0\" data-hideslideonmobile=\"off\"  data-easein=\"default\" data-easeout=\"default\" data-masterspeed=\"300\"  data-rotate=\"0\"  data-saveperformance=\"off\"  data-title=\"Slide\" data-param1=\"\" data-param2=\"\" data-param3=\"\" data-param4=\"\" data-param5=\"\" data-param6=\"\" data-param7=\"\" data-param8=\"\" data-param9=\"\" data-param10=\"\" data-description=\"\">\n\t\t<!-- MAIN IMAGE -->\n\t\t<img loading=\"lazy\" decoding=\"async\" src=\"https:\/\/bugaderiaemporda.com\/wp-content\/uploads\/2019\/11\/bugaderia-img-rentat-01.jpg\"  alt=\"\" title=\"bugaderia-img-rentat-01\"  width=\"1200\" height=\"500\" data-bgposition=\"center center\" data-bgfit=\"cover\" data-bgrepeat=\"no-repeat\" class=\"rev-slidebg\" data-no-retina>\n\t\t<!-- LAYERS -->\n\t<\/li>\n<\/ul>\n<div class=\"tp-bannertimer tp-bottom\" style=\"visibility: hidden !important;\"><\/div>\t<\/div>\n<script>var htmlDiv = document.getElementById(\"rs-plugin-settings-inline-css\"); var htmlDivCss=\"\";\n\t\t\t\tif(htmlDiv) {\n\t\t\t\t\thtmlDiv.innerHTML = htmlDiv.innerHTML + htmlDivCss;\n\t\t\t\t}else{\n\t\t\t\t\tvar htmlDiv = document.createElement(\"div\");\n\t\t\t\t\thtmlDiv.innerHTML = \"<style>\" + htmlDivCss + \"<\/style>\";\n\t\t\t\t\tdocument.getElementsByTagName(\"head\")[0].appendChild(htmlDiv.childNodes[0]);\n\t\t\t\t}\n\t\t\t<\/script>\n\t\t<script type=\"text\/javascript\">\nif (setREVStartSize!==undefined) setREVStartSize(\n\t{c: '#rev_slider_8_1', responsiveLevels: [1240,1024,778,480], gridwidth: [1240,1024,778,480], gridheight: [500,450,300,280], sliderLayout: 'auto'});\n\t\t\t\nvar revapi8,\n\ttpj;\t\n(function() {\t\t\t\n\tif (!\/loaded|interactive|complete\/.test(document.readyState)) document.addEventListener(\"DOMContentLoaded\",onLoad); else onLoad();\t\n\tfunction onLoad() {\t\t\t\t\n\t\tif (tpj===undefined) { tpj = jQuery; if(\"off\" == \"on\") tpj.noConflict();}\n\tif(tpj(\"#rev_slider_8_1\").revolution == undefined){\n\t\trevslider_showDoubleJqueryError(\"#rev_slider_8_1\");\n\t}else{\n\t\trevapi8 = tpj(\"#rev_slider_8_1\").show().revolution({\n\t\t\tsliderType:\"standard\",\n\t\t\tjsFileLocation:\"\/\/bugaderiaemporda.com\/wp-content\/plugins\/revslider-\/public\/assets\/js\/\",\n\t\t\tsliderLayout:\"auto\",\n\t\t\tdottedOverlay:\"none\",\n\t\t\tdelay:9000,\n\t\t\tnavigation: {\n\t\t\t\tonHoverStop:\"off\",\n\t\t\t},\n\t\t\tresponsiveLevels:[1240,1024,778,480],\n\t\t\tvisibilityLevels:[1240,1024,778,480],\n\t\t\tgridwidth:[1240,1024,778,480],\n\t\t\tgridheight:[500,450,300,280],\n\t\t\tlazyType:\"none\",\n\t\t\tshadow:0,\n\t\t\tspinner:\"spinner0\",\n\t\t\tstopLoop:\"off\",\n\t\t\tstopAfterLoops:-1,\n\t\t\tstopAtSlide:-1,\n\t\t\tshuffle:\"off\",\n\t\t\tautoHeight:\"off\",\n\t\t\tdisableProgressBar:\"on\",\n\t\t\thideThumbsOnMobile:\"off\",\n\t\t\thideSliderAtLimit:0,\n\t\t\thideCaptionAtLimit:0,\n\t\t\thideAllCaptionAtLilmit:0,\n\t\t\tdebugMode:false,\n\t\t\tfallbacks: {\n\t\t\t\tsimplifyAll:\"off\",\n\t\t\t\tnextSlideOnWindowFocus:\"off\",\n\t\t\t\tdisableFocusListener:false,\n\t\t\t}\n\t\t});\n\t}; \/* END OF revapi call *\/\n\t\n }; \/* END OF ON LOAD FUNCTION *\/\n}()); \/* END OF WRAPPING FUNCTION *\/\n<\/script>\n\t\t<\/div><!-- END REVOLUTION SLIDER -->[\/vc_column][\/vc_row][vc_row equal_height=\u00bbyes\u00bb css=\u00bb.vc_custom_1574071631455{margin-top: 0px !important;margin-right: 0px !important;margin-bottom: 0px !important;margin-left: 0px !important;padding-top: 60px !important;padding-bottom: 60px !important;}\u00bb][vc_column width=\u00bb2\/3&#8243; el_class=\u00bbequal_height_column white_color\u00bb]<h2 class=\"boc_heading  al_left  \"  style=\"margin-bottom: 20px;margin-top: 0px;color: #333333;font-size: 30px;\"><span>LA EXIGENCIA DE LA ESPECIALIZACI\u00d3N<\/span><\/h2>[vc_column_text]A diferencia de otros proveedores, con la especializaci\u00f3n de Bugaderia l\u2019Empord\u00e0 en los servicios de lavado de ropa para hoteles, la exigencia de calidad de nuestros clientes en la higiene, el planchado, la blancura y el empaquetado es muy superior.<\/p>\n<p>El hecho de no trabajar para el sector hospitalario ni industrial significa un compromiso total con la garant\u00eda de un lavado perfecto que asegura que la ropa, en ninguno de los puntos del proceso de lavander\u00eda, no se mezcla ni contamina con ropa de uso quir\u00fargico, c\u00e1rnico, etc.<\/p>\n<p>Para Bugaderia l\u2019Empord\u00e0 el lavado perfecto es aquel que limpia las manchas sin estropear la ropa, dej\u00e1ndola suave y con un grado de blancura excelente.[\/vc_column_text]<div class=\"boc_spacing \" style=\"height: 20px\"><\/div>[\/vc_column][vc_column width=\u00bb1\/3&#8243; el_class=\u00bbequal_height_column\u00bb css=\u00bb.vc_custom_1574785876494{background-position: center !important;background-repeat: no-repeat !important;background-size: cover !important;}\u00bb]<h2 class=\"boc_heading  al_left  \"  style=\"margin-bottom: 20px;margin-top: 0px;color: #333333;font-size: 30px;\"><span>EL LAVADO PERFECTO<\/span><\/h2>[vc_column_text]Con el fin de garantizar la m\u00e1xima calidad enviamos muestras a analizar en laboratorios externos para determinar:[\/vc_column_text]<div class=\"boc_list_item  \" >\n\t\t\t\t\t<span class=\"li_icon normal \" style=\"\"><i class=\"icon icon-check2\" style=\"color: #00adef;\"><\/i><\/span>\n\t\t\t\t\t<div class=\"boc_list_item_text normal\">Grado de blanco<\/div>\n\t\t\t\t   <\/div><div class=\"boc_list_item  \" >\n\t\t\t\t\t<span class=\"li_icon normal \" style=\"\"><i class=\"icon icon-check2\" style=\"color: #00adef;\"><\/i><\/span>\n\t\t\t\t\t<div class=\"boc_list_item_text normal\">Control del PH del proceso de lavado<\/div>\n\t\t\t\t   <\/div><div class=\"boc_list_item  \" >\n\t\t\t\t\t<span class=\"li_icon normal \" style=\"\"><i class=\"icon icon-check2\" style=\"color: #00adef;\"><\/i><\/span>\n\t\t\t\t\t<div class=\"boc_list_item_text normal\">Control de incrustaciones en la ropa<\/div>\n\t\t\t\t   <\/div><div class=\"boc_spacing \" style=\"height: 20px\"><\/div><a\thref=\"\/contacte\" \n\t\t\t\tclass=\"button btn_medium btn_dark btn_circled btn_outline icon_pos_after   \"  target='_self'><span>CONT\u00c1CTANOS<\/span> <i class='icon icon-chevron-right'><\/i> <\/a><div class=\"boc_spacing \" style=\"height: 20px\"><\/div>[\/vc_column][\/vc_row][vc_row full_width=\u00bbstretch_row\u00bb css=\u00bb.vc_custom_1574850536117{margin-top: 0px !important;margin-bottom: 0px !important;padding-top: 80px !important;padding-bottom: 80px !important;background-color: #fbfbfb !important;}\u00bb][vc_column]\n\t\t<!--New Tabs-->\n\t\t<div class=\"newtabs clearfix vertical  minimal_style\">\n\t\t\t<ul class=\"resp-tabs-list\">\n\t\t\t<\/ul>\n\t\t\t<div class=\"resp-tabs-container\">\n\t\t<div class=\"single_tab_div\" rel-title=\"Obsesi\u00f3n por la blancura\" rel-icon=\"\">[vc_row_inner][vc_column_inner width=\u00bb1\/2&#8243;]<h2 class=\"boc_heading  al_left  \"  style=\"margin-bottom: 20px;margin-top: 0px;color: #00adef;\"><span> OBSESI\u00d3N POR LA BLANCURA<\/span><\/h2>[vc_column_text]Nuestro principal objetivo despu\u00e9s de lavar correctamente la ropa es obtener un grado de blanco excelente. As\u00ed podemos asegurar que nuestra ropa tiene una presencia y una imagen de blancura espectacular, muestra de limpieza y pulcritud.[\/vc_column_text]<div class=\"boc_spacing \" style=\"height: 20px\"><\/div>[\/vc_column_inner][vc_column_inner width=\u00bb1\/2&#8243;][vc_single_image alignment=\u00bbcenter\u00bb image=\u00bb23918&#8243;]<div class=\"boc_spacing \" style=\"height: 20px\"><\/div>[\/vc_column_inner][\/vc_row_inner]<\/div><div class=\"single_tab_div\" rel-title=\"Grado de blanco Berger (\u00f3ptico)\" rel-icon=\"\">[vc_row_inner][vc_column_inner width=\u00bb1\/2&#8243;]<h2 class=\"boc_heading  al_left  \"  style=\"margin-bottom: 20px;margin-top: 0px;color: #00adef;\"><span>GRADO DE BLANCO BERGER (\u00d3PTICO)<\/span><\/h2>[vc_column_text]El grado de blanco que se considera aceptable dentro de la industria tras sucesivos lavados es a partir de 130\u00ba Berger; m\u00e1s de 150\u00ba se considera excelente.<\/p>\n<p>Los valores obtenidos en Bugaderia l\u2019Empord\u00e0 en nuestros controles peri\u00f3dicos siempre son similares a 160\u00ba Berger.[\/vc_column_text]<div class=\"boc_spacing \" style=\"height: 20px\"><\/div>[\/vc_column_inner][vc_column_inner width=\u00bb1\/2&#8243;][vc_single_image alignment=\u00bbcenter\u00bb image=\u00bb23925&#8243;]<div class=\"boc_spacing \" style=\"height: 20px\"><\/div>[\/vc_column_inner][\/vc_row_inner]<\/div><div class=\"single_tab_div\" rel-title=\"Grado de blanco Ganszgriesser\" rel-icon=\"\">[vc_row_inner][vc_column_inner width=\u00bb1\/2&#8243;]<h2 class=\"boc_heading  al_left  \"  style=\"margin-bottom: 20px;margin-top: 0px;color: #00adef;\"><span>GRADO DE BLANCO GANSZGRIESSER<\/span><\/h2>[vc_column_text]Esta medici\u00f3n del grado de blanco se utiliza m\u00e1s en pa\u00edses como Alemania y Suiza y establece unos valores correctos entre 185 y 210. El grado de blanco alcanzado en Bugaderia l\u2019Empord\u00e0 para este par\u00e1metro est\u00e1 entre 220 y 235.[\/vc_column_text]<div class=\"boc_spacing \" style=\"height: 20px\"><\/div>[\/vc_column_inner][vc_column_inner width=\u00bb1\/2&#8243;][vc_single_image alignment=\u00bbcenter\u00bb image=\u00bb23925&#8243;]<div class=\"boc_spacing \" style=\"height: 20px\"><\/div>[\/vc_column_inner][\/vc_row_inner]<\/div><div class=\"single_tab_div\" rel-title=\"Control del pH del proceso de lavado y aclarado\" rel-icon=\"\">[vc_row_inner][vc_column_inner width=\u00bb1\/2&#8243;]<h2 class=\"boc_heading  al_left  \"  style=\"margin-bottom: 20px;margin-top: 0px;color: #00adef;\"><span>CONTROL DEL PH DEL PROCESO DE LAVADO Y ACLARADO<\/span><\/h2>[vc_column_text]El pH en aclarado y el neutralizado de la ropa es un valor importante a controlar ya que un pH elevado puede provocar irritaciones a la piel, mientras que un pH bajo afecta al tejido de algod\u00f3n.[\/vc_column_text]<div class=\"boc_spacing \" style=\"height: 20px\"><\/div>[\/vc_column_inner][vc_column_inner width=\u00bb1\/2&#8243;][vc_single_image alignment=\u00bbcenter\u00bb image=\u00bb23927&#8243;]<div class=\"boc_spacing \" style=\"height: 20px\"><\/div>[\/vc_column_inner][\/vc_row_inner]<\/div><div class=\"single_tab_div\" rel-title=\"Control de posibles incrustaciones y durabilidad de la ropa\" rel-icon=\"\">[vc_row_inner][vc_column_inner width=\u00bb1\/2&#8243;]<h2 class=\"boc_heading  al_left  \"  style=\"margin-bottom: 20px;margin-top: 0px;color: #00adef;\"><span>CONTROL DE POSIBLES INCRUSTACIONES Y DURABILIDAD DE LA ROPA<\/span><\/h2>[vc_column_text]Realizamos un control de las incrustaciones mediante la cremaci\u00f3n de la ropa en un horno de 800\u00ba C y la medici\u00f3n de los restos de minerales, calcio, etc. Peri\u00f3dicamente medimos el DP o \u201cdegree of polimerization\u201d para determinar si la ropa est\u00e1 en un estado correcto o no, midiendo la resistencia a la ruptura.[\/vc_column_text]<div class=\"boc_spacing \" style=\"height: 20px\"><\/div>[\/vc_column_inner][vc_column_inner width=\u00bb1\/2&#8243;][vc_single_image alignment=\u00bbcenter\u00bb image=\u00bb23928&#8243;]<div class=\"boc_spacing \" style=\"height: 20px\"><\/div>[\/vc_column_inner][\/vc_row_inner]<\/div><\/div>\n\t\t\t\t<\/div>[\/vc_column][\/vc_row][vc_row full_width=\u00bbstretch_row\u00bb bg_type=\u00bbbg_color\u00bb enable_overlay=\u00bboff\u00bb el_class=\u00bbwhite_text\u00bb css=\u00bb.vc_custom_1573808681791{margin-bottom: 0px !important;padding-top: 24px !important;padding-bottom: 20px !important;}\u00bb bg_color_value=\u00bb#00adef\u00bb][vc_column]<div class=\"text_box calltoactionblau box_no_bgr \"><div class=\"text_box_content with_button\"><h2>\u00bfQuieres saber m\u00e1s sobre la calidad de nuestros productos y servicios?<\/h2>\n\t\t\t\t\t<p><\/p>\n\t\t\t\t<\/div><div class=\"btn_holder\"><a\thref=\"\/es\/contacto\" \n\t\t\t\t\tclass=\"button  btn_medium_stretched btn_white btn_circled btn_outline icon_pos_after \"  target='_self'><span>CONT\u00c1CTANOS<\/span> <i class='icon icon icon-angle-right2'><\/i> <\/a><\/div><\/div>[\/vc_column][\/vc_row]<\/p>\n","protected":false},"excerpt":{"rendered":"<p>[vc_row full_width=\u00bbstretch_row_content_no_spaces\u00bb css=\u00bb.vc_custom_1574844138680{margin-bottom: 0px !important;background-color: #fbfbfb !important;}\u00bb][vc_column][\/vc_column][\/vc_row][vc_row full_width=\u00bbstretch_row_content_no_spaces\u00bb css=\u00bb.vc_custom_1574154685961{margin-top: 0px !important;margin-bottom: 0px !important;padding-top: 0px !important;padding-bottom: 0px !important;}\u00bb][vc_column][\/vc_column][\/vc_row][vc_row equal_height=\u00bbyes\u00bb css=\u00bb.vc_custom_1574071631455{margin-top: 0px !important;margin-right: 0px !important;margin-bottom: 0px !important;margin-left: 0px !important;padding-top: 60px !important;padding-bottom: 60px !important;}\u00bb][vc_column width=\u00bb2\/3&#8243; el_class=\u00bbequal_height_column white_color\u00bb][vc_column_text]A diferencia de otros proveedores, con la especializaci\u00f3n de Bugaderia l\u2019Empord\u00e0 en los servicios de lavado de ropa para hoteles, la exigencia de calidad de nuestros clientes<\/p>\n<div class=\"h10\"><\/div>\n<p><a class=\"more-link2 flat\" href=\"https:\/\/bugaderiaemporda.com\/es\/lavado\/\">Read more<\/a><\/p>\n","protected":false},"author":1,"featured_media":0,"parent":0,"menu_order":12,"comment_status":"open","ping_status":"closed","template":"","meta":{"footnotes":""},"class_list":["post-25141","page","type-page","status-publish","hentry"],"yoast_head":"<!-- This site is optimized with the Yoast SEO plugin v23.3 - https:\/\/yoast.com\/wordpress\/plugins\/seo\/ -->\n<title>Lavado - Bugaderia Empord\u00e0<\/title>\n<meta name=\"robots\" content=\"index, follow, max-snippet:-1, max-image-preview:large, max-video-preview:-1\" \/>\n<link rel=\"canonical\" href=\"https:\/\/bugaderiaemporda.com\/rentat\/\" \/>\n<meta property=\"og:locale\" content=\"es_ES\" \/>\n<meta property=\"og:type\" content=\"article\" \/>\n<meta property=\"og:title\" content=\"Lavado - Bugaderia Empord\u00e0\" \/>\n<meta property=\"og:description\" content=\"[vc_row full_width=\u00bbstretch_row_content_no_spaces\u00bb css=\u00bb.vc_custom_1574844138680{margin-bottom: 0px !important;background-color: #fbfbfb !important;}\u00bb][vc_column][\/vc_column][\/vc_row][vc_row full_width=\u00bbstretch_row_content_no_spaces\u00bb css=\u00bb.vc_custom_1574154685961{margin-top: 0px !important;margin-bottom: 0px !important;padding-top: 0px !important;padding-bottom: 0px !important;}\u00bb][vc_column][\/vc_column][\/vc_row][vc_row equal_height=\u00bbyes\u00bb css=\u00bb.vc_custom_1574071631455{margin-top: 0px !important;margin-right: 0px !important;margin-bottom: 0px !important;margin-left: 0px !important;padding-top: 60px !important;padding-bottom: 60px !important;}\u00bb][vc_column width=\u00bb2\/3&#8243; el_class=\u00bbequal_height_column white_color\u00bb][vc_column_text]A diferencia de otros proveedores, con la especializaci\u00f3n de Bugaderia l\u2019Empord\u00e0 en los servicios de lavado de ropa para hoteles, la exigencia de calidad de nuestros clientesRead more\" \/>\n<meta property=\"og:url\" content=\"https:\/\/bugaderiaemporda.com\/rentat\/\" \/>\n<meta property=\"og:site_name\" content=\"Bugaderia Empord\u00e0\" \/>\n<meta property=\"article:modified_time\" content=\"2020-01-09T15:05:39+00:00\" \/>\n<meta property=\"og:image\" content=\"https:\/\/bugaderiaemporda.com\/wp-content\/uploads\/2019\/11\/bugaderia-logo-home-01.png\" \/>\n\t<meta property=\"og:image:width\" content=\"338\" \/>\n\t<meta property=\"og:image:height\" content=\"72\" \/>\n\t<meta property=\"og:image:type\" content=\"image\/png\" \/>\n<meta name=\"twitter:card\" content=\"summary_large_image\" \/>\n<meta name=\"twitter:label1\" content=\"Tiempo de lectura\" \/>\n\t<meta name=\"twitter:data1\" content=\"5 minutos\" \/>\n<script type=\"application\/ld+json\" class=\"yoast-schema-graph\">{\"@context\":\"https:\/\/schema.org\",\"@graph\":[{\"@type\":\"WebPage\",\"@id\":\"https:\/\/bugaderiaemporda.com\/rentat\/\",\"url\":\"https:\/\/bugaderiaemporda.com\/rentat\/\",\"name\":\"Lavado - Bugaderia Empord\u00e0\",\"isPartOf\":{\"@id\":\"https:\/\/bugaderiaemporda.com\/#website\"},\"datePublished\":\"2019-11-18T12:17:44+00:00\",\"dateModified\":\"2020-01-09T15:05:39+00:00\",\"breadcrumb\":{\"@id\":\"https:\/\/bugaderiaemporda.com\/rentat\/#breadcrumb\"},\"inLanguage\":\"es\",\"potentialAction\":[{\"@type\":\"ReadAction\",\"target\":[\"https:\/\/bugaderiaemporda.com\/rentat\/\"]}]},{\"@type\":\"BreadcrumbList\",\"@id\":\"https:\/\/bugaderiaemporda.com\/rentat\/#breadcrumb\",\"itemListElement\":[{\"@type\":\"ListItem\",\"position\":1,\"name\":\"Inici\",\"item\":\"https:\/\/bugaderiaemporda.com\/es\/\"},{\"@type\":\"ListItem\",\"position\":2,\"name\":\"Lavado\"}]},{\"@type\":\"WebSite\",\"@id\":\"https:\/\/bugaderiaemporda.com\/#website\",\"url\":\"https:\/\/bugaderiaemporda.com\/\",\"name\":\"Bugaderia Empord\u00e0\",\"description\":\"Alta qualitat en renting t\u00e8xtil\",\"potentialAction\":[{\"@type\":\"SearchAction\",\"target\":{\"@type\":\"EntryPoint\",\"urlTemplate\":\"https:\/\/bugaderiaemporda.com\/?s={search_term_string}\"},\"query-input\":\"required name=search_term_string\"}],\"inLanguage\":\"es\"}]}<\/script>\n<!-- \/ Yoast SEO plugin. -->","yoast_head_json":{"title":"Lavado - Bugaderia Empord\u00e0","robots":{"index":"index","follow":"follow","max-snippet":"max-snippet:-1","max-image-preview":"max-image-preview:large","max-video-preview":"max-video-preview:-1"},"canonical":"https:\/\/bugaderiaemporda.com\/rentat\/","og_locale":"es_ES","og_type":"article","og_title":"Lavado - Bugaderia Empord\u00e0","og_description":"[vc_row full_width=\u00bbstretch_row_content_no_spaces\u00bb css=\u00bb.vc_custom_1574844138680{margin-bottom: 0px !important;background-color: #fbfbfb !important;}\u00bb][vc_column][\/vc_column][\/vc_row][vc_row full_width=\u00bbstretch_row_content_no_spaces\u00bb css=\u00bb.vc_custom_1574154685961{margin-top: 0px !important;margin-bottom: 0px !important;padding-top: 0px !important;padding-bottom: 0px !important;}\u00bb][vc_column][\/vc_column][\/vc_row][vc_row equal_height=\u00bbyes\u00bb css=\u00bb.vc_custom_1574071631455{margin-top: 0px !important;margin-right: 0px !important;margin-bottom: 0px !important;margin-left: 0px !important;padding-top: 60px !important;padding-bottom: 60px !important;}\u00bb][vc_column width=\u00bb2\/3&#8243; el_class=\u00bbequal_height_column white_color\u00bb][vc_column_text]A diferencia de otros proveedores, con la especializaci\u00f3n de Bugaderia l\u2019Empord\u00e0 en los servicios de lavado de ropa para hoteles, la exigencia de calidad de nuestros clientesRead more","og_url":"https:\/\/bugaderiaemporda.com\/rentat\/","og_site_name":"Bugaderia Empord\u00e0","article_modified_time":"2020-01-09T15:05:39+00:00","og_image":[{"width":338,"height":72,"url":"https:\/\/bugaderiaemporda.com\/wp-content\/uploads\/2019\/11\/bugaderia-logo-home-01.png","type":"image\/png"}],"twitter_card":"summary_large_image","twitter_misc":{"Tiempo de lectura":"5 minutos"},"schema":{"@context":"https:\/\/schema.org","@graph":[{"@type":"WebPage","@id":"https:\/\/bugaderiaemporda.com\/rentat\/","url":"https:\/\/bugaderiaemporda.com\/rentat\/","name":"Lavado - Bugaderia Empord\u00e0","isPartOf":{"@id":"https:\/\/bugaderiaemporda.com\/#website"},"datePublished":"2019-11-18T12:17:44+00:00","dateModified":"2020-01-09T15:05:39+00:00","breadcrumb":{"@id":"https:\/\/bugaderiaemporda.com\/rentat\/#breadcrumb"},"inLanguage":"es","potentialAction":[{"@type":"ReadAction","target":["https:\/\/bugaderiaemporda.com\/rentat\/"]}]},{"@type":"BreadcrumbList","@id":"https:\/\/bugaderiaemporda.com\/rentat\/#breadcrumb","itemListElement":[{"@type":"ListItem","position":1,"name":"Inici","item":"https:\/\/bugaderiaemporda.com\/es\/"},{"@type":"ListItem","position":2,"name":"Lavado"}]},{"@type":"WebSite","@id":"https:\/\/bugaderiaemporda.com\/#website","url":"https:\/\/bugaderiaemporda.com\/","name":"Bugaderia Empord\u00e0","description":"Alta qualitat en renting t\u00e8xtil","potentialAction":[{"@type":"SearchAction","target":{"@type":"EntryPoint","urlTemplate":"https:\/\/bugaderiaemporda.com\/?s={search_term_string}"},"query-input":"required name=search_term_string"}],"inLanguage":"es"}]}},"_links":{"self":[{"href":"https:\/\/bugaderiaemporda.com\/es\/wp-json\/wp\/v2\/pages\/25141"}],"collection":[{"href":"https:\/\/bugaderiaemporda.com\/es\/wp-json\/wp\/v2\/pages"}],"about":[{"href":"https:\/\/bugaderiaemporda.com\/es\/wp-json\/wp\/v2\/types\/page"}],"author":[{"embeddable":true,"href":"https:\/\/bugaderiaemporda.com\/es\/wp-json\/wp\/v2\/users\/1"}],"replies":[{"embeddable":true,"href":"https:\/\/bugaderiaemporda.com\/es\/wp-json\/wp\/v2\/comments?post=25141"}],"version-history":[{"count":4,"href":"https:\/\/bugaderiaemporda.com\/es\/wp-json\/wp\/v2\/pages\/25141\/revisions"}],"predecessor-version":[{"id":25336,"href":"https:\/\/bugaderiaemporda.com\/es\/wp-json\/wp\/v2\/pages\/25141\/revisions\/25336"}],"wp:attachment":[{"href":"https:\/\/bugaderiaemporda.com\/es\/wp-json\/wp\/v2\/media?parent=25141"}],"curies":[{"name":"wp","href":"https:\/\/api.w.org\/{rel}","templated":true}]}}